{"id":87,"date":"2016-07-12T19:09:20","date_gmt":"2016-07-12T18:09:20","guid":{"rendered":"http:\/\/caniskol.fr\/?page_id=87"},"modified":"2026-03-30T13:56:24","modified_gmt":"2026-03-30T12:56:24","slug":"premiere-rencontre","status":"publish","type":"page","link":"http:\/\/caniskol.fr\/index.php\/education-canine\/premiere-rencontre\/","title":{"rendered":"Premi\u00e8re rencontre"},"content":{"rendered":"\n<div class=\"wp-block-media-text alignwide is-stacked-on-mobile is-image-fill\"><figure class=\"wp-block-media-text__media\" style=\"background-image:url(http:\/\/caniskol.fr\/wp-content\/uploads\/2023\/01\/IMG_7918-scaled-e1673013427451-1024x641.jpg);background-position:50% 50%\"><img loading=\"lazy\" width=\"1024\" height=\"641\" src=\"http:\/\/caniskol.fr\/wp-content\/uploads\/2023\/01\/IMG_7918-scaled-e1673013427451-1024x641.jpg\" alt=\"\" class=\"wp-image-4102 size-full\" srcset=\"http:\/\/caniskol.fr\/wp-content\/uploads\/2023\/01\/IMG_7918-scaled-e1673013427451-1024x641.jpg 1024w, http:\/\/caniskol.fr\/wp-content\/uploads\/2023\/01\/IMG_7918-scaled-e1673013427451-300x188.jpg 300w, http:\/\/caniskol.fr\/wp-content\/uploads\/2023\/01\/IMG_7918-scaled-e1673013427451-768x481.jpg 768w, http:\/\/caniskol.fr\/wp-content\/uploads\/2023\/01\/IMG_7918-scaled-e1673013427451-1536x962.jpg 1536w, http:\/\/caniskol.fr\/wp-content\/uploads\/2023\/01\/IMG_7918-scaled-e1673013427451-2048x1283.jpg 2048w\" sizes=\"(max-width: 1024px) 100vw, 1024px\" \/><\/figure><div class=\"wp-block-media-text__content\">\n<h3 class=\"has-text-align-center\"><strong>Bilan comportemental : <\/strong><\/h3>\n\n\n\n<p><p style=\"text-align: justify;\">Ce RDV priv\u00e9 permet de d\u00e9finir avec vous vos attentes, vos envies et besoins concernant l&rsquo;\u00e9ducation de votre chien; D&rsquo;analyser le comportement et r\u00e9actions de votre chien; De vous aider \u00e0 les comprendre. Pour cette premi\u00e8re rencontre, n&rsquo;h\u00e9sitez pas \u00e0 lister vos questions, je vous donnerai d&rsquo;ors et d\u00e9j\u00e0 des conseils et des exercices \u00e0 mettre en place en vue de d\u00e9marrer <a rel=\"noreferrer noopener\" href=\"http:\/\/caniskol.fr\/index.php\/education-canine\/education-canine\/\" target=\"_blank\"><strong>un cycle d&rsquo;\u00e9ducation ensemble.<\/strong><\/a><\/p> Dur\u00e9e 1h, tarif 45\u20ac\n<\/div><\/div>\n\n\n<p><\/p>\n\n\n<\/p>\n<p><\/p>\n<p style=\"text-align: justify;\">Le bilan peut avoir lieu sur mon terrain, mais aussi en ville, au march\u00e9, \u00e0 votre domicile, sur votre lieu de balade etc.. selon vos besoins. Frais kilom\u00e9triques \u00e0 0,60cts\/km AR.<br>\n\n\n<p><\/p>\n<p style=\"text-align: justify;\"><strong>Toutes les annulations pr\u00e9venues moins de 48h avant les RDV pour une premi\u00e8re rencontre ou premi\u00e8re s\u00e9ance seront sans suite. Aucun autre RDV ne sera convenu. Merci de respecter les prises de RDV.<\/strong><\/p>\n<p><\/p>\n\n\n<\/p>\n<figure class=\"wp-block-gallery aligncenter columns-0\">\n<ul class=\"blocks-gallery-grid\">\n<li class=\"blocks-gallery-item\">\n<figure><a href=\"http:\/\/caniskol.fr\/wp-content\/uploads\/2018\/06\/IMG_2170-e1682879089600.jpg\"><img loading=\"lazy\" width=\"5366\" height=\"2548\" src=\"http:\/\/caniskol.fr\/wp-content\/uploads\/2018\/06\/IMG_2170-e1682879089600.jpg\" alt=\"\" data-id=\"3369\" data-full-url=\"http:\/\/caniskol.fr\/wp-content\/uploads\/2018\/06\/IMG_2170-e1682879089600.jpg\" data-link=\"http:\/\/caniskol.fr\/index.php\/loisirs-canins\/balades-sociales-chiots-et-chiens\/img_2170\/\" class=\"wp-image-3369\" srcset=\"http:\/\/caniskol.fr\/wp-content\/uploads\/2018\/06\/IMG_2170-e1682879089600.jpg 5366w, http:\/\/caniskol.fr\/wp-content\/uploads\/2018\/06\/IMG_2170-e1682879089600-300x142.jpg 300w, http:\/\/caniskol.fr\/wp-content\/uploads\/2018\/06\/IMG_2170-e1682879089600-768x365.jpg 768w, http:\/\/caniskol.fr\/wp-content\/uploads\/2018\/06\/IMG_2170-e1682879089600-1024x486.jpg 1024w, http:\/\/caniskol.fr\/wp-content\/uploads\/2018\/06\/IMG_2170-e1682879089600-1536x729.jpg 1536w, http:\/\/caniskol.fr\/wp-content\/uploads\/2018\/06\/IMG_2170-e1682879089600-2048x972.jpg 2048w\" sizes=\"(max-width: 5366px) 100vw, 5366px\" \/><\/a><\/figure>\n<\/li>\n<\/ul>\n<\/figure>\n<p>\n\n\n\n<p>Mon secteur couvre des communes comme Carentoir, Guer, La Gacilly, Monteneuf, Porcaro, Tr\u00e9al, Saint Malo de Beignon, La&nbsp;Chapelle&nbsp;Bouexic, Loh\u00e9ac, Baulon, Pl\u00e9lan le grand, Sixt sur Aff, Pipriac, Guipry Messac, Bruc sur Aff, Lieuron, Guipry Messac, Saint Just, Guignen\u2026<\/p>\n\n\n\n<p><\/p>\n","protected":false},"excerpt":{"rendered":"<p>Bilan comportemental : Ce RDV priv\u00e9 permet de d\u00e9finir avec vous vos attentes, vos envies et besoins concernant l&rsquo;\u00e9ducation de votre chien; D&rsquo;analyser le comportement et r\u00e9actions de votre chien; De vous aider \u00e0 les comprendre. Pour cette premi\u00e8re rencontre, n&rsquo;h\u00e9sitez pas \u00e0 lister vos questions, je vous donnerai d&rsquo;ors et d\u00e9j\u00e0 des conseils et&#8230; <\/p>\n<div class=\"read-more\"><a href=\"http:\/\/caniskol.fr\/index.php\/education-canine\/premiere-rencontre\/\">Lire la suite<\/a><\/div>\n","protected":false},"author":1,"featured_media":0,"parent":29,"menu_order":2,"comment_status":"closed","ping_status":"closed","template":"","meta":[],"_links":{"self":[{"href":"http:\/\/caniskol.fr\/index.php\/wp-json\/wp\/v2\/pages\/87"}],"collection":[{"href":"http:\/\/caniskol.fr\/index.php\/wp-json\/wp\/v2\/pages"}],"about":[{"href":"http:\/\/caniskol.fr\/index.php\/wp-json\/wp\/v2\/types\/page"}],"author":[{"embeddable":true,"href":"http:\/\/caniskol.fr\/index.php\/wp-json\/wp\/v2\/users\/1"}],"replies":[{"embeddable":true,"href":"http:\/\/caniskol.fr\/index.php\/wp-json\/wp\/v2\/comments?post=87"}],"version-history":[{"count":35,"href":"http:\/\/caniskol.fr\/index.php\/wp-json\/wp\/v2\/pages\/87\/revisions"}],"predecessor-version":[{"id":5138,"href":"http:\/\/caniskol.fr\/index.php\/wp-json\/wp\/v2\/pages\/87\/revisions\/5138"}],"up":[{"embeddable":true,"href":"http:\/\/caniskol.fr\/index.php\/wp-json\/wp\/v2\/pages\/29"}],"wp:attachment":[{"href":"http:\/\/caniskol.fr\/index.php\/wp-json\/wp\/v2\/media?parent=87"}],"curies":[{"name":"wp","href":"https:\/\/api.w.org\/{rel}","templated":true}]}}